{"id":25,"date":"2025-08-07T15:26:28","date_gmt":"2025-08-07T15:26:28","guid":{"rendered":"https:\/\/espaceintegra.ch\/?page_id=25"},"modified":"2025-10-03T12:20:17","modified_gmt":"2025-10-03T12:20:17","slug":"mission-2","status":"publish","type":"page","link":"https:\/\/espaceintegra.ch\/?page_id=25","title":{"rendered":"Mission"},"content":{"rendered":"\n<div class=\"wp-block-cover alignfull is-light has-text-color has-link-color wp-elements-1\" style=\"color:#187a06\"><span aria-hidden=\"true\" class=\"wp-block-cover__background has-background-dim-0 has-background-dim\" style=\"background-color:#f3f3f3\"><\/span><div class=\"wp-block-cover__inner-container has-global-padding is-layout-constrained wp-block-cover-is-layout-constrained\">\n<div class=\"wp-block-group alignfull has-global-padding is-layout-constrained wp-container-core-group-is-layout-ef72ef92 wp-block-group-is-layout-constrained\" style=\"padding-top:180px;padding-bottom:80px\">\n<div class=\"wp-block-columns alignwide is-layout-flex wp-container-core-columns-is-layout-243bd399 wp-block-columns-is-layout-flex\">\n<div class=\"wp-block-column is-layout-flow wp-container-core-column-is-layout-2fb47190 wp-block-column-is-layout-flow\" style=\"padding-right:10px;padding-left:10px;flex-basis:60%\">\n<div class=\"wp-block-group has-global-padding is-content-justification-left is-layout-constrained wp-container-core-group-is-layout-57aac6f8 wp-block-group-is-layout-constrained\" style=\"padding-bottom:10px\">\n<h6 class=\"wp-block-heading has-text-color has-link-color wp-elements-2\" style=\"color:#959e95;font-size:clamp(0.875rem, 0.875rem + ((1vw - 0.2rem) * 0.045), 0.9rem);font-style:normal;font-weight:500\">Notre mission <\/h6>\n\n\n\n<h2 class=\"wp-block-heading has-text-color has-link-color has-hedvig-letters-serif-regular-font-family wp-elements-3\" style=\"color:#187a06;font-size:clamp(1.551rem, 1.551rem + ((1vw - 0.2rem) * 1.907), 2.6rem);\"><strong>Notre objectif : soigner nos clients en ferme th\u00e9rapeutique<\/strong><\/h2>\n\n\n\n<p class=\"wp-block-paragraph\" style=\"margin-top:30px\">Une ferme th\u00e9rapeutique, alternative aux h\u00f4pitaux psychiatriques, proposant des s\u00e9jours longs en pleine nature, avec des espaces et activit\u00e9s propices au partage, aux rencontres et \u00e0 la joie de vivre ensemble, un lieu de s\u00e9jour pour s\u2019\u00e9loigner d\u2019un environnement personnel peu propice \u00e0 la gu\u00e9rison.<\/p>\n\n\n\n<p class=\"wp-block-paragraph\" style=\"margin-top:30px\">Nous r\u00e9fl\u00e9chissons \u00e9galement \u00e0 un mod\u00e8le \u00e9conomique viable &amp; solide, plus qu\u2019un lieu, en adaptant l\u2019offre et les tarifs aux revenus des b\u00e9n\u00e9ficiaires (afin de r\u00e9duire la m\u00e9decine \u00e0 2 vitesses, en donnant acc\u00e8s \u00e0 un public large).<\/p>\n\n\n\n<p class=\"wp-block-paragraph\" style=\"margin-top:30px\"><\/p>\n<\/div>\n<\/div>\n\n\n\n<div class=\"wp-block-column is-layout-flow wp-block-column-is-layout-flow\" style=\"padding-right:10px;padding-left:10px;flex-basis:40%\">\n<figure class=\"wp-block-gallery has-nested-images columns-default is-cropped wp-block-gallery-1 is-layout-flex wp-block-gallery-is-layout-flex\">\n<figure class=\"wp-block-image size-large has-custom-border\"><img loading=\"lazy\" decoding=\"async\" width=\"683\" height=\"1024\" data-id=\"160\" src=\"https:\/\/espaceintegra.ch\/wp-content\/uploads\/2025\/08\/pexels-ryank-17841016-683x1024.jpg\" alt=\"\" class=\"wp-image-160\" style=\"border-radius:16px\" srcset=\"https:\/\/espaceintegra.ch\/wp-content\/uploads\/2025\/08\/pexels-ryank-17841016-683x1024.jpg 683w, https:\/\/espaceintegra.ch\/wp-content\/uploads\/2025\/08\/pexels-ryank-17841016-200x300.jpg 200w, https:\/\/espaceintegra.ch\/wp-content\/uploads\/2025\/08\/pexels-ryank-17841016-768x1152.jpg 768w, https:\/\/espaceintegra.ch\/wp-content\/uploads\/2025\/08\/pexels-ryank-17841016-1024x1536.jpg 1024w, https:\/\/espaceintegra.ch\/wp-content\/uploads\/2025\/08\/pexels-ryank-17841016-1365x2048.jpg 1365w, https:\/\/espaceintegra.ch\/wp-content\/uploads\/2025\/08\/pexels-ryank-17841016-scaled.jpg 1707w\" sizes=\"auto, (max-width: 683px) 100vw, 683px\" \/><\/figure>\n<\/figure>\n<\/div>\n<\/div>\n<\/div>\n<\/div><\/div>\n\n\n\n<div class=\"wp-block-cover alignfull is-light\"><span aria-hidden=\"true\" class=\"wp-block-cover__background has-background-dim-100 has-background-dim\" style=\"background-color:#f3f3f3\"><\/span><div class=\"wp-block-cover__inner-container has-global-padding is-layout-constrained wp-block-cover-is-layout-constrained\">\n<div class=\"wp-block-group alignfull has-global-padding is-layout-constrained wp-container-core-group-is-layout-8d189c29 wp-block-group-is-layout-constrained\" style=\"padding-top:80px;padding-bottom:80px\">\n<div class=\"wp-block-columns alignwide is-layout-flex wp-container-core-columns-is-layout-f56f613f wp-block-columns-is-layout-flex\">\n<div class=\"wp-block-column is-layout-flow wp-block-column-is-layout-flow\" style=\"padding-right:10px;padding-left:10px;flex-basis:50%\">\n<figure class=\"wp-block-image size-full has-custom-border\"><img loading=\"lazy\" decoding=\"async\" width=\"1707\" height=\"2560\" src=\"https:\/\/espaceintegra.ch\/wp-content\/uploads\/2025\/08\/pexels-yaroslav-shuraev-1834399-scaled.jpg\" alt=\"\" class=\"wp-image-94\" style=\"border-radius:16px\" srcset=\"https:\/\/espaceintegra.ch\/wp-content\/uploads\/2025\/08\/pexels-yaroslav-shuraev-1834399-scaled.jpg 1707w, https:\/\/espaceintegra.ch\/wp-content\/uploads\/2025\/08\/pexels-yaroslav-shuraev-1834399-200x300.jpg 200w, https:\/\/espaceintegra.ch\/wp-content\/uploads\/2025\/08\/pexels-yaroslav-shuraev-1834399-683x1024.jpg 683w, https:\/\/espaceintegra.ch\/wp-content\/uploads\/2025\/08\/pexels-yaroslav-shuraev-1834399-768x1152.jpg 768w, https:\/\/espaceintegra.ch\/wp-content\/uploads\/2025\/08\/pexels-yaroslav-shuraev-1834399-1024x1536.jpg 1024w, https:\/\/espaceintegra.ch\/wp-content\/uploads\/2025\/08\/pexels-yaroslav-shuraev-1834399-1366x2048.jpg 1366w\" sizes=\"auto, (max-width: 1707px) 100vw, 1707px\" \/><\/figure>\n<\/div>\n\n\n\n<div class=\"wp-block-column is-layout-flow wp-block-column-is-layout-flow\" style=\"padding-right:10px;padding-left:10px;flex-basis:50%\">\n<div class=\"wp-block-group has-global-padding is-content-justification-left is-layout-constrained wp-container-core-group-is-layout-f1e4c539 wp-block-group-is-layout-constrained\" style=\"padding-bottom:10px\">\n<h4 class=\"wp-block-heading has-text-color has-link-color wp-elements-4\" style=\"color:#242925;font-size:12px;font-style:normal;font-weight:600;text-transform:uppercase\">PROGRAMME<\/h4>\n\n\n\n<p class=\"wp-block-paragraph\" style=\"font-size:clamp(1.551rem, 1.551rem + ((1vw - 0.2rem) * 1.907), 2.6rem);\"><strong>Accueil<\/strong><\/p>\n\n\n\n<p class=\"wp-block-paragraph\" style=\"margin-top:0px;margin-right:0px;margin-bottom:0px;margin-left:0px;padding-top:20px;padding-right:0px;padding-bottom:0px;padding-left:0px\">Cr\u00e9ation d\u2019un lieu de repos, oasis bienveillante, dans lequel les individus peuvent s\u00e9journer et avec l\u2019aide de leurs th\u00e9rapeutes, se soigner par le lien, la nature et la joie. L\u2019id\u00e9e est de proposer un lieu qui ne ressemble pas \u00e0 une retraite de plus ni \u00e0 une clinique, mais davantage \u00e0 la vie en commun, car nous gu\u00e9rissons rarement, si ce n\u2019est jamais, en isolation.<\/p>\n\n\n\n<p class=\"wp-block-paragraph\" style=\"margin-top:0px;margin-right:0px;margin-bottom:0px;margin-left:0px;padding-top:20px;padding-right:0px;padding-bottom:0px;padding-left:0px\"><\/p>\n\n\n\n<p class=\"wp-block-paragraph\" style=\"margin-top:0px;margin-right:0px;margin-bottom:0px;margin-left:0px;padding-top:20px;padding-right:0px;padding-bottom:0px;padding-left:0px\"><\/p>\n<\/div>\n<\/div>\n<\/div>\n\n\n\n<div class=\"wp-block-columns is-layout-flex wp-container-core-columns-is-layout-f56f613f wp-block-columns-is-layout-flex\">\n<div class=\"wp-block-column is-layout-flow wp-block-column-is-layout-flow\">\n<h2 class=\"wp-block-heading has-text-color has-link-color wp-elements-5\" style=\"color:#242925;font-size:clamp(1.551rem, 1.551rem + ((1vw - 0.2rem) * 1.907), 2.6rem);\"><strong>Nos S\u00e9jours <\/strong><\/h2>\n\n\n\n<p class=\"wp-block-paragraph\" style=\"margin-top:0px;margin-right:0px;margin-bottom:0px;margin-left:0px;padding-top:20px;padding-right:0px;padding-bottom:0px;padding-left:0px\">Nous vous proposons des s\u00e9jours d\u2019une semaine dans un chalet entour\u00e9 de nature aux Mar\u0117cottes. Apr\u00e8s un v\u00e9cu intense et qui am\u00e8ne des d\u00e9fis, comme un burn-out, une d\u00e9pression, une s\u00e9paration ou une th\u00e9rapie assist\u00e9e par psych\u00e9d\u00e9lique, il est crucial d\u2019avoir un temps pour se poser et int\u00e9grer.<\/p>\n\n\n\n<p class=\"wp-block-paragraph\">C\u2019est dans cet espace pr\u00e9vu pour l\u2019int\u00e9gration que va pouvoir se d\u00e9ployer les fruits, les b\u00e9n\u00e9fices, de ce moment de crise ou de th\u00e9rapie.<\/p>\n\n\n\n<p class=\"wp-block-paragraph\" style=\"margin-top:0px;margin-right:0px;margin-bottom:0px;margin-left:0px;padding-top:20px;padding-right:0px;padding-bottom:0px;padding-left:0px\">Le programme comprend des moments d\u2019entretiens individuels et des activit\u00e9s de groupe. Des espaces pour la r\u00e9flexion et l\u2019apprentissage de nouvelles routines de soin et pour le travail corporel. Des moments de vide. De l\u2019art, de la danse, des jeux. Tout cela dans un groupe de 8 \u00e0 10 participant.e.s et de 3 \u00e0 5 th\u00e9rapeutes, dans un cadre de confiance et de s\u00e9curit\u00e9. Au sein d\u2019une belle nature sauvage, car dans la nature, on se sent \u00ab complet.e \u00bb.<\/p>\n<\/div>\n\n\n\n<div class=\"wp-block-column is-layout-flow wp-block-column-is-layout-flow\">\n<figure class=\"wp-block-image size-large has-custom-border is-style-rounded\" style=\"margin-top:0;margin-bottom:0\"><img loading=\"lazy\" decoding=\"async\" width=\"1024\" height=\"768\" src=\"https:\/\/espaceintegra.ch\/wp-content\/uploads\/2025\/08\/red-gana-top-9654874_1280-1024x768.jpg\" alt=\"\" class=\"wp-image-159\" style=\"border-style:none;border-width:0px;border-radius:16px\" srcset=\"https:\/\/espaceintegra.ch\/wp-content\/uploads\/2025\/08\/red-gana-top-9654874_1280-1024x768.jpg 1024w, https:\/\/espaceintegra.ch\/wp-content\/uploads\/2025\/08\/red-gana-top-9654874_1280-300x225.jpg 300w, https:\/\/espaceintegra.ch\/wp-content\/uploads\/2025\/08\/red-gana-top-9654874_1280-768x576.jpg 768w, https:\/\/espaceintegra.ch\/wp-content\/uploads\/2025\/08\/red-gana-top-9654874_1280.jpg 1280w\" sizes=\"auto, (max-width: 1024px) 100vw, 1024px\" \/><\/figure>\n<\/div>\n<\/div>\n\n\n\n<div class=\"wp-block-columns is-layout-flex wp-container-core-columns-is-layout-f56f613f wp-block-columns-is-layout-flex\">\n<div class=\"wp-block-column is-layout-flow wp-block-column-is-layout-flow\">\n<figure class=\"wp-block-image size-large has-custom-border is-style-rounded\"><img loading=\"lazy\" decoding=\"async\" width=\"1024\" height=\"683\" src=\"https:\/\/espaceintegra.ch\/wp-content\/uploads\/2025\/08\/pexels-umkreisel-app-957024-1024x683.jpg\" alt=\"\" class=\"wp-image-162\" style=\"border-style:none;border-width:0px;border-radius:16px\" srcset=\"https:\/\/espaceintegra.ch\/wp-content\/uploads\/2025\/08\/pexels-umkreisel-app-957024-1024x683.jpg 1024w, https:\/\/espaceintegra.ch\/wp-content\/uploads\/2025\/08\/pexels-umkreisel-app-957024-300x200.jpg 300w, https:\/\/espaceintegra.ch\/wp-content\/uploads\/2025\/08\/pexels-umkreisel-app-957024-768x512.jpg 768w, https:\/\/espaceintegra.ch\/wp-content\/uploads\/2025\/08\/pexels-umkreisel-app-957024-1536x1024.jpg 1536w, https:\/\/espaceintegra.ch\/wp-content\/uploads\/2025\/08\/pexels-umkreisel-app-957024-2048x1365.jpg 2048w\" sizes=\"auto, (max-width: 1024px) 100vw, 1024px\" \/><\/figure>\n<\/div>\n\n\n\n<div class=\"wp-block-column is-layout-flow wp-block-column-is-layout-flow\">\n<p class=\"wp-block-paragraph\" style=\"font-size:clamp(1.551rem, 1.551rem + ((1vw - 0.2rem) * 1.907), 2.6rem);\"><strong>Pour Qui?<\/strong><\/p>\n\n\n\n<p class=\"wp-block-paragraph\">Nous accueillons toute personne au del\u00e0 de 18 ans. Peu importe votre parcours, ce qui importe est la volont\u00e9 de gu\u00e9rison et l\u2019intention d\u2019aller \u00e0 l\u2019int\u00e9rieur.<\/p>\n\n\n\n<p class=\"wp-block-paragraph\" style=\"font-size:clamp(1.551rem, 1.551rem + ((1vw - 0.2rem) * 1.907), 2.6rem);\"><strong>Co\u00fbts<\/strong><\/p>\n\n\n\n<p class=\"wp-block-paragraph\">Les co\u00fbts de chaque semaine ont \u00e9t\u00e9 calcul\u00e9s pour pouvoir offrir un prix en fonction des bourses. Le prix co\u00fbtant est de 5600.- par semaine, ce qui comprend l\u2019encadrement, l\u2019h\u00e9bergement en chambre individuelle, la d\u00e9licieuse nourriture et les th\u00e9rapies psych\u00e9d\u00e9liques avec autorisation OFSP. Celles et ceux qui le peuvent nous soutiendront avec ce prix, ou avec un prix sup\u00e9rieur. Pour les autres, il est possible de payer un prix d\u00e9gressif, avec un prix plancher de 1050.- par semaine (ce qui couvre h\u00e9bergement et nourriture). Nos donateurs couvrent le reste et nous permettent de proposer ces semaines d\u2019int\u00e9gration \u00e0 toutes et tous.<\/p>\n<\/div>\n<\/div>\n\n\n\n<p class=\"wp-block-paragraph\"><\/p>\n<\/div>\n<\/div><\/div>\n\n\n\n<div class=\"wp-block-group alignfull has-global-padding is-layout-constrained wp-container-core-group-is-layout-ea3814cb wp-block-group-is-layout-constrained\" style=\"margin-top:0px;margin-bottom:0px;padding-top:0px;padding-bottom:0px\"><\/div>\n\n\n\n<p class=\"wp-block-paragraph\"><\/p>\n","protected":false},"excerpt":{"rendered":"","protected":false},"author":1,"featured_media":0,"parent":0,"menu_order":0,"comment_status":"closed","ping_status":"closed","template":"","meta":{"footnotes":""},"class_list":["post-25","page","type-page","status-publish","hentry"],"_links":{"self":[{"href":"https:\/\/espaceintegra.ch\/index.php?rest_route=\/wp\/v2\/pages\/25","targetHints":{"allow":["GET"]}}],"collection":[{"href":"https:\/\/espaceintegra.ch\/index.php?rest_route=\/wp\/v2\/pages"}],"about":[{"href":"https:\/\/espaceintegra.ch\/index.php?rest_route=\/wp\/v2\/types\/page"}],"author":[{"embeddable":true,"href":"https:\/\/espaceintegra.ch\/index.php?rest_route=\/wp\/v2\/users\/1"}],"replies":[{"embeddable":true,"href":"https:\/\/espaceintegra.ch\/index.php?rest_route=%2Fwp%2Fv2%2Fcomments&post=25"}],"version-history":[{"count":17,"href":"https:\/\/espaceintegra.ch\/index.php?rest_route=\/wp\/v2\/pages\/25\/revisions"}],"predecessor-version":[{"id":205,"href":"https:\/\/espaceintegra.ch\/index.php?rest_route=\/wp\/v2\/pages\/25\/revisions\/205"}],"wp:attachment":[{"href":"https:\/\/espaceintegra.ch\/index.php?rest_route=%2Fwp%2Fv2%2Fmedia&parent=25"}],"curies":[{"name":"wp","href":"https:\/\/api.w.org\/{rel}","templated":true}]}}