{"id":21,"date":"2025-08-07T15:23:06","date_gmt":"2025-08-07T15:23:06","guid":{"rendered":"https:\/\/espaceintegra.ch\/?page_id=21"},"modified":"2025-10-03T12:23:13","modified_gmt":"2025-10-03T12:23:13","slug":"notre-equipe","status":"publish","type":"page","link":"https:\/\/espaceintegra.ch\/?page_id=21","title":{"rendered":"Equipe"},"content":{"rendered":"\n<div class=\"wp-block-cover alignfull is-light\"><span aria-hidden=\"true\" class=\"wp-block-cover__background has-background-dim-0 has-background-dim\" style=\"background-color:#f3f3f3\"><\/span><div class=\"wp-block-cover__inner-container has-global-padding is-layout-constrained wp-block-cover-is-layout-constrained\">\n<div class=\"wp-block-group alignfull has-global-padding is-layout-constrained wp-container-core-group-is-layout-ef72ef92 wp-block-group-is-layout-constrained\" style=\"padding-top:180px;padding-bottom:80px\">\n<div class=\"wp-block-columns alignwide is-layout-flex wp-container-core-columns-is-layout-243bd399 wp-block-columns-is-layout-flex\">\n<div class=\"wp-block-column is-layout-flow wp-container-core-column-is-layout-2fb47190 wp-block-column-is-layout-flow\" style=\"padding-right:10px;padding-left:10px;flex-basis:60%\">\n<div class=\"wp-block-group has-global-padding is-content-justification-left is-layout-constrained wp-container-core-group-is-layout-57aac6f8 wp-block-group-is-layout-constrained\" style=\"padding-bottom:10px\">\n<h6 class=\"wp-block-heading has-text-color has-link-color wp-elements-1\" style=\"color:#959e95;font-size:clamp(0.875rem, 0.875rem + ((1vw - 0.2rem) * 0.045), 0.9rem);font-style:normal;font-weight:500\">notre equipe<\/h6>\n\n\n\n<h2 class=\"wp-block-heading has-text-color has-link-color has-hedvig-letters-serif-regular-font-family wp-elements-2\" style=\"color:#242925;font-size:clamp(1.551rem, 1.551rem + ((1vw - 0.2rem) * 1.907), 2.6rem);\"><strong>Qui Sommes Nous?<\/strong><\/h2>\n\n\n\n<p class=\"wp-block-paragraph\" style=\"margin-top:30px;font-size:clamp(1.039rem, 1.039rem + ((1vw - 0.2rem) * 1.02), 1.6rem);\"><strong>Svea Nielsen <\/strong><\/p>\n\n\n\n<p class=\"wp-block-paragraph\" style=\"margin-top:30px\">J&rsquo;aime trouver les moyens les plus efficaces pour se soigner, se reconnecter \u00e0 son \u00e2me et grandir. Je crois fortement que les lieux qui laissent place \u00e0 la communaut\u00e9, la cr\u00e9ativit\u00e9, la nature et la joie sont profond\u00e9ment gu\u00e9risseurs. Ma formation de psychologue m&rsquo;a laiss\u00e9e sur ma faim, heureusement, en 2006, mon chemin a crois\u00e9 celui d&rsquo;Albert Hoffmann, ce qui a permis l&rsquo;ouverture et la foi qui ont men\u00e9 notamment \u00e0 la cr\u00e9ation de la maison INTEGRA. Dans le domaine des addictions, mon approche est celle de la psychoth\u00e9rapie de r\u00e9duction des risques (A. Tatarsky). Je suis co-fondatrice de la Soci\u00e9t\u00e9 Psych\u00e9d\u00e9lique Suisse (Eleusis) et de la Tribu. <\/p>\n\n\n\n<p class=\"wp-block-paragraph\" style=\"margin-top:30px;font-size:clamp(1.039rem, 1.039rem + ((1vw - 0.2rem) * 1.02), 1.6rem);\"><strong>Lise Weidmann <\/strong><\/p>\n\n\n\n<p class=\"wp-block-paragraph\" style=\"margin-top:30px\">Mes parcours personnel et professionnel m\u2019ont amen\u00e9 tr\u00e8s t\u00f4t \u00e0 observer et \u00e0 comprendre les liens entre les \u00eatres vivants. D\u2019abord dans le monde scientifique, de l\u2019anatomie \u00e0 la cellule, puis du corps \u00e0 l\u2019\u00e2me, dans les mondes chamanique et m\u00e9diumnique. Depuis 25 ans, j\u2019accompagne des personnes en qu\u00eate de sens, emprisonn\u00e9s dans leurs addictions. Mon exp\u00e9rience en psychiatrie m\u2019a profond\u00e9ment convaincue qu\u2019il existe une autre voie pour se soigner. La voie du Lien et de la Joie. Aujourd\u2019hui, j\u2019ouvre des espaces pour \u00e9largir la conscience afin de permettre aux gens de retrouver la voie de la sant\u00e9. <\/p>\n\n\n\n<p class=\"wp-block-paragraph\" style=\"margin-top:30px;font-size:clamp(1.039rem, 1.039rem + ((1vw - 0.2rem) * 1.02), 1.6rem);\"><strong>Kaja Oppegaard<\/strong><\/p>\n\n\n\n<p class=\"wp-block-paragraph\" style=\"margin-top:30px\">Je suis psychologue et th\u00e9rapeute syst\u00e9mique. J&rsquo;ai depuis toujours \u00e9t\u00e9 passionn\u00e9e par l\u2019\u00e9panouissement humain, par comprendre ce qui nous fait souffrir et les fa\u00e7ons dont nous pouvons transformer les exp\u00e9riences douloureuses en sagesse et en bien-\u00eatre plus profonds. Au cours des 30 derni\u00e8res ann\u00e9es, j&rsquo;ai explor\u00e9 ces sujets au travers d\u2019\u00e9tudes et de recherche en psychologie, de mes formations cliniques et de la m\u00e9ditation quotidienne. Cette appr\u00e9ciation multi-facettes nourrit ma pratique th\u00e9rapeutique et ma plus grande r\u00e9compense est de voir les personnes que j&rsquo;accompagne retrouver la confiance, la libert\u00e9, la joie et la sant\u00e9.<\/p>\n\n\n\n<p class=\"wp-block-paragraph\" style=\"margin-top:30px;font-size:clamp(1.039rem, 1.039rem + ((1vw - 0.2rem) * 1.02), 1.6rem);\"><strong>Marius Moutet <\/strong><\/p>\n\n\n\n<p class=\"wp-block-paragraph\" style=\"margin-top:30px\">Je suis Gestalt th\u00e9rapeute depuis 2001 \u00e0 Gen\u00e8ve, superviseur et co-fondateur de la Tribu. J\u2019enseigne \u00e0 l\u2019\u00e9cole parisienne de Gestalt et anime des groupes de psychoth\u00e9rapie depuis plus de 20 ans. Par ailleurs, je suis engag\u00e9 dans la promotion de l\u2019habitat partag\u00e9 et le vivre ensemble en tant que membre du conseil d\u2019administration de la Codha (coop\u00e9rative d\u2019habitation). <\/p>\n\n\n\n<p class=\"wp-block-paragraph\" style=\"margin-top:30px;font-size:clamp(1.039rem, 1.039rem + ((1vw - 0.2rem) * 1.02), 1.6rem);\"><strong>Dresse Estefania Chavero Molino<\/strong><\/p>\n\n\n\n<p class=\"wp-block-paragraph\" style=\"margin-top:30px\">M\u00e9decin neurologue et psychiatre, curieuse et passionn\u00e9e par mon travail, entre science et sacr\u00e9.<\/p>\n\n\n\n<p class=\"wp-block-paragraph\" style=\"margin-top:30px;font-size:clamp(1.039rem, 1.039rem + ((1vw - 0.2rem) * 1.02), 1.6rem);\"><strong>Eva Ursiny <\/strong><\/p>\n\n\n\n<p class=\"wp-block-paragraph\" style=\"margin-top:30px\">Je suis sp\u00e9cialis\u00e9e dans l&rsquo;accompagnement des \u00e9tats de conscience \u00e9largis et des processus sycho-spirituels. Form\u00e9e \u00e0 la respiration holotropique (Grof Transpersonal Training et Grof Legacy Training), \u00e0 la naturopathie, th\u00e9rapie cranio-sacr\u00e9e et hom\u00e9opathie. Mon approche vise \u00e0 restaurer l&rsquo;unit\u00e9 entre corps, coeur et conscience, et \u00e0 offrir soutien, orientation et sens apr\u00e8s des exp\u00e9riences hors du commun, des passages initiatiques ou des travers\u00e9es int\u00e9rieures profondes. <\/p>\n\n\n\n<p class=\"wp-block-paragraph\" style=\"margin-top:30px;font-size:clamp(1.039rem, 1.039rem + ((1vw - 0.2rem) * 1.02), 1.6rem);\"><strong>Brice P\u00e9rillou <\/strong><\/p>\n\n\n\n<p class=\"wp-block-paragraph\" style=\"margin-top:30px\">Mon parcours m\u2019a conduit \u00e0 vivre et travailler de nombreuses ann\u00e9es \u00e0 l\u2019\u00e9tranger, dans des contextes \u00e0 hauts risques. Ces exp\u00e9riences, riches en rencontres humaines et en diversit\u00e9 culturelle, ont nourri ma compr\u00e9hension de l\u2019humain, du stress et du trauma.<\/p>\n\n\n\n<p class=\"wp-block-paragraph\" style=\"margin-top:30px\">Depuis de nombreuses ann\u00e9es, je me passionne pour les approches de sant\u00e9 holistique (physique, \u00e9motionnelle, mentale, spirituelle) ainsi que pour le potentiel th\u00e9rapeutique du lien humain, qui sont aujourd\u2019hui au c\u0153ur de mon activit\u00e9.<\/p>\n\n\n\n<p class=\"wp-block-paragraph\" style=\"margin-top:30px;font-size:clamp(1.039rem, 1.039rem + ((1vw - 0.2rem) * 1.02), 1.6rem);\"><strong>Patrick Gheller <\/strong><\/p>\n\n\n\n<p class=\"wp-block-paragraph\" style=\"margin-top:30px\">Apr\u00e8s avoir travaill\u00e9 pendant plus de 20 ans dans le monde corporate effr\u00e9n\u00e9 et en ayant souffert, je souhaite me mettre au service de l&rsquo;humain, qu&rsquo;il soit malmen\u00e9 ou simplement ne qu\u00eate d&rsquo;am\u00e9lioration personnelle. Dans mon travail pr\u00e9c\u00e9dent, j&rsquo;ai toujours \u00e9t\u00e9 passionn\u00e9 par les interactions sociales, faire le lien entre les gens et am\u00e9liorer le bien-\u00eatre des \u00e9quipes dans lesquelles je travaillais. Je suis profond\u00e9ment convaincu que des th\u00e9rapies moins conventionnelles int\u00e9grant le lien, la nature et l&rsquo;amour peuvent faire grandir chaque personne. <\/p>\n\n\n\n<p class=\"wp-block-paragraph\" style=\"margin-top:30px;font-size:clamp(1.039rem, 1.039rem + ((1vw - 0.2rem) * 1.02), 1.6rem);\"><strong>Marie Birghoffer<\/strong><\/p>\n\n\n\n<p class=\"wp-block-paragraph\" style=\"margin-top:30px\">Je suis passionn\u00e9e par la cuisine et l\u2019alimentation vivante, mes recettes riches en nutriments et enzymes favorisent la sant\u00e9. Fervente adepte de Thierry Casasnovas, mon parcours m\u2019a amen\u00e9e \u00e0 travailler aux c\u00f4t\u00e9s de Nelly, fille de Ir\u00e8ne Grosjean. C\u2019est la cuisine du coeur, du corps et de l\u2019\u00e2me. <\/p>\n\n\n\n<p class=\"wp-block-paragraph\"><\/p>\n\n\n\n<p class=\"wp-block-paragraph\" style=\"margin-top:30px;font-size:clamp(1.039rem, 1.039rem + ((1vw - 0.2rem) * 1.02), 1.6rem);\"><\/p>\n<\/div>\n<\/div>\n\n\n\n<div class=\"wp-block-column is-layout-flow wp-block-column-is-layout-flow\" style=\"padding-right:10px;padding-left:10px;flex-basis:40%\"><\/div>\n<\/div>\n<\/div>\n<\/div><\/div>\n\n\n\n<div class=\"wp-block-group alignfull has-global-padding is-layout-constrained wp-container-core-group-is-layout-ea3814cb wp-block-group-is-layout-constrained\" style=\"margin-top:0px;margin-bottom:0px;padding-top:0px;padding-bottom:0px\"><\/div>\n\n\n\n<div class=\"wp-block-cover alignfull is-light\"><span aria-hidden=\"true\" class=\"wp-block-cover__background has-background-dim-100 has-background-dim\" style=\"background-color:#f3f3f3\"><\/span><div class=\"wp-block-cover__inner-container has-global-padding is-layout-constrained wp-block-cover-is-layout-constrained\">\n<div class=\"wp-block-group alignfull has-global-padding is-layout-constrained wp-container-core-group-is-layout-8d189c29 wp-block-group-is-layout-constrained\" style=\"padding-top:80px;padding-bottom:80px\">\n<div class=\"wp-block-columns alignwide is-layout-flex wp-container-core-columns-is-layout-f56f613f wp-block-columns-is-layout-flex\">\n<div class=\"wp-block-column is-layout-flow wp-block-column-is-layout-flow\" style=\"padding-right:10px;padding-left:10px;flex-basis:50%\">\n<div class=\"wp-block-group has-global-padding is-content-justification-left is-layout-constrained wp-container-core-group-is-layout-f1e4c539 wp-block-group-is-layout-constrained\" style=\"padding-bottom:10px\">\n<h4 class=\"wp-block-heading has-text-color has-link-color wp-elements-3\" style=\"color:#242925;font-size:12px;font-style:normal;font-weight:600;text-transform:uppercase\">La musique que nous aimons <\/h4>\n\n\n\n<p class=\"wp-block-paragraph\" style=\"margin-top:0px;margin-right:0px;margin-bottom:0px;margin-left:0px;padding-top:20px;padding-right:0px;padding-bottom:0px;padding-left:0px;font-size:clamp(1.146rem, 1.146rem + ((1vw - 0.2rem) * 1.189), 1.8rem);\"><em>Voil\u00e0 des morceaux qui nous font du bien, pour d\u00e9marrer la journ\u00e9e ou lorsqu\u2019on se sent en \u00e9nergie basse ou trop dans l\u2019\u00e9motionnel.<\/em><\/p>\n\n\n\n<p class=\"wp-block-paragraph\" style=\"font-size:clamp(1.039rem, 1.039rem + ((1vw - 0.2rem) * 1.02), 1.6rem);\"><strong>Svea<\/strong><\/p>\n\n\n\n<p class=\"wp-block-paragraph\">Pour se lever le matin ou apr\u00e8s un \u00e9v\u00e9nement difficile, la m\u00e9ditation active de Osho \u00ab Kundalini m\u00e9ditation \u00bb, qui se fait en 4 temps. 1: 15 minutes pour faire trembler le corps, 2: 15 minutes de danse libre, 3: 15 minutes pour \u00e9couter la musique, 4: 15 minutes de m\u00e9ditation en silence.<\/p>\n\n\n\n<figure class=\"wp-block-embed is-type-video is-provider-youtube wp-block-embed-youtube wp-embed-aspect-16-9 wp-has-aspect-ratio\"><div class=\"wp-block-embed__wrapper\">\n<iframe loading=\"lazy\" title=\"Osho Kundalini Meditation (1 hour)\" width=\"500\" height=\"281\" src=\"https:\/\/www.youtube.com\/embed\/Lnw0nicF4AE?feature=oembed\" frameborder=\"0\" allow=\"accelerometer; autoplay; clipboard-write; encrypted-media; gyroscope; picture-in-picture; web-share\" referrerpolicy=\"strict-origin-when-cross-origin\" allowfullscreen><\/iframe>\n<\/div><\/figure>\n\n\n\n<p class=\"wp-block-paragraph\" style=\"margin-top:0px;margin-right:0px;margin-bottom:0px;margin-left:0px;padding-top:20px;padding-right:0px;padding-bottom:0px;padding-left:0px\"><\/p>\n\n\n\n<p class=\"wp-block-paragraph\" style=\"margin-top:0px;margin-right:0px;margin-bottom:0px;margin-left:0px;padding-top:20px;padding-right:0px;padding-bottom:0px;padding-left:0px\"><\/p>\n\n\n\n<p class=\"wp-block-paragraph\" style=\"margin-top:0px;margin-right:0px;margin-bottom:0px;margin-left:0px;padding-top:20px;padding-right:0px;padding-bottom:0px;padding-left:0px\"><\/p>\n<\/div>\n<\/div>\n\n\n\n<div class=\"wp-block-column is-layout-flow wp-block-column-is-layout-flow\" style=\"padding-right:10px;padding-left:10px;flex-basis:50%\">\n<h4 class=\"wp-block-heading has-text-color has-link-color wp-elements-4\" style=\"color:#242925;font-size:12px;font-style:normal;font-weight:600;text-transform:uppercase\"><\/h4>\n\n\n\n<p class=\"wp-block-paragraph\"><\/p>\n<\/div>\n<\/div>\n<\/div>\n<\/div><\/div>\n","protected":false},"excerpt":{"rendered":"","protected":false},"author":1,"featured_media":0,"parent":0,"menu_order":0,"comment_status":"closed","ping_status":"closed","template":"","meta":{"footnotes":""},"class_list":["post-21","page","type-page","status-publish","hentry"],"_links":{"self":[{"href":"https:\/\/espaceintegra.ch\/index.php?rest_route=\/wp\/v2\/pages\/21","targetHints":{"allow":["GET"]}}],"collection":[{"href":"https:\/\/espaceintegra.ch\/index.php?rest_route=\/wp\/v2\/pages"}],"about":[{"href":"https:\/\/espaceintegra.ch\/index.php?rest_route=\/wp\/v2\/types\/page"}],"author":[{"embeddable":true,"href":"https:\/\/espaceintegra.ch\/index.php?rest_route=\/wp\/v2\/users\/1"}],"replies":[{"embeddable":true,"href":"https:\/\/espaceintegra.ch\/index.php?rest_route=%2Fwp%2Fv2%2Fcomments&post=21"}],"version-history":[{"count":22,"href":"https:\/\/espaceintegra.ch\/index.php?rest_route=\/wp\/v2\/pages\/21\/revisions"}],"predecessor-version":[{"id":207,"href":"https:\/\/espaceintegra.ch\/index.php?rest_route=\/wp\/v2\/pages\/21\/revisions\/207"}],"wp:attachment":[{"href":"https:\/\/espaceintegra.ch\/index.php?rest_route=%2Fwp%2Fv2%2Fmedia&parent=21"}],"curies":[{"name":"wp","href":"https:\/\/api.w.org\/{rel}","templated":true}]}}