{"id":17,"date":"2025-08-07T15:22:22","date_gmt":"2025-08-07T15:22:22","guid":{"rendered":"https:\/\/espaceintegra.ch\/?page_id=17"},"modified":"2025-08-27T11:37:11","modified_gmt":"2025-08-27T11:37:11","slug":"comite-scientifique","status":"publish","type":"page","link":"https:\/\/espaceintegra.ch\/?page_id=17","title":{"rendered":"Comit\u00e9 Scientifique"},"content":{"rendered":"\n<div class=\"wp-block-cover alignfull is-light\" style=\"padding-top:0;padding-bottom:0\"><span aria-hidden=\"true\" class=\"wp-block-cover__background has-background-dim-0 has-background-dim\" style=\"background-color:#f3f3f3\"><\/span><div class=\"wp-block-cover__inner-container has-global-padding is-layout-constrained wp-block-cover-is-layout-constrained\">\n<div class=\"wp-block-group alignfull has-global-padding is-layout-constrained wp-container-core-group-is-layout-ef72ef92 wp-block-group-is-layout-constrained\" style=\"padding-top:180px;padding-bottom:80px\">\n<div class=\"wp-block-columns alignwide is-layout-flex wp-container-core-columns-is-layout-243bd399 wp-block-columns-is-layout-flex\">\n<div class=\"wp-block-column is-layout-flow wp-container-core-column-is-layout-2fb47190 wp-block-column-is-layout-flow\" style=\"padding-right:10px;padding-left:10px;flex-basis:60%\">\n<div class=\"wp-block-group has-global-padding is-content-justification-left is-layout-constrained wp-container-core-group-is-layout-57aac6f8 wp-block-group-is-layout-constrained\" style=\"padding-bottom:10px\">\n<h6 class=\"wp-block-heading has-text-color has-link-color wp-elements-1\" style=\"color:#959e95;font-size:clamp(0.875rem, 0.875rem + ((1vw - 0.2rem) * 0.045), 0.9rem);font-style:normal;font-weight:500\"><\/h6>\n\n\n\n<h2 class=\"wp-block-heading has-text-color has-link-color wp-elements-2\" style=\"color:#242925;font-size:clamp(1.551rem, 1.551rem + ((1vw - 0.2rem) * 1.907), 2.6rem);text-transform:capitalize\"><strong>Comit\u00e9 Scientifique<\/strong><\/h2>\n\n\n\n<p class=\"wp-block-paragraph\"><\/p>\n\n\n\n<p class=\"wp-block-paragraph\">Un comit\u00e9 scientifique supervisera la r\u00e9colte des donn\u00e9es et la publication des r\u00e9sultats sous forme d\u2019articles scientifiques dans les revues de r\u00e9f\u00e9rence. Le questionnaire de r\u00e9f\u00e9rence sera celui \u00e9labor\u00e9 par Rosalind Watts\u00a0<em>et al<\/em>., \u00e0 savoir le Watts Connectedness Scale (l\u2019Echelle de Connection de Watts). Le choix de ce questionnaire s\u2019est fait sur la base de sa qualit\u00e9 et de sa rigueur, unique dans ce domaine o\u00f9 des outils sp\u00e9cifiques \u00e0 ces questions sur l\u2019int\u00e9gration sont rares. La r\u00e9colte des donn\u00e9es sera faite avant le s\u00e9jour, \u00e0 la fin du s\u00e9jour et 3 mois apr\u00e8s la fin du s\u00e9jour. Nous \u00e9tablirons un comparatif sur des patients avec \/sans integration.\u00a0Dans un deuxi\u00e8me temps, le centre Onaya, dirig\u00e9 par le psychiatre Simon Ruffell de King\u2019s College, se chargera de toute la recherche depuis le choix des outils, via la r\u00e9colte des donn\u00e9es jusqu&rsquo;\u00e0 l\u2019analyse et la publication dans les journaux scientifiques adapt\u00e9s.\u00a0<\/p>\n\n\n\n<p class=\"wp-block-paragraph\">Le comit\u00e9 scientifique sera compos\u00e9 de :<\/p>\n\n\n\n<p class=\"wp-block-paragraph\">Jacques Besson, Professeur ordinaire, addictologue, ancien m\u00e9decin Chef du service de psychiatrie communautaire du D\u00e9partement de psychiatrie du CHUV.<\/p>\n\n\n\n<p class=\"wp-block-paragraph\">Olivier Vuagniaux, M\u00e9decin psychiatre-psychoth\u00e9rapeute \u00e0 St Aubin (NE), pratique des approches psychocorporelles, et la psychoth\u00e9rapie assist\u00e9e par les psych\u00e9d\u00e9liques. Il est l\u2019auteur du \u00ab Corps conscient \u00bb.<\/p>\n\n\n\n<p class=\"wp-block-paragraph\">Marc Aixala, psychologue, \u00e0 l&rsquo;origine de la hotline int\u00e9gration pour la Fondation ICEERS, auteur de \u00abPsychedelic Integration\u00bb.<\/p>\n\n\n\n<p class=\"wp-block-paragraph\">Lise Weidmann, intervenante en addiction, m\u00e9decine de l\u2019addiction CHUV. Form\u00e9e \u00e0 l\u2019approche syst\u00e9mique.<\/p>\n\n\n\n<p class=\"wp-block-paragraph\">Kaja Oppegaard, psychologue, psychoth\u00e9rapeute syst\u00e9mique &nbsp;\u00e0 Lausanne.<\/p>\n\n\n\n<p class=\"wp-block-paragraph\">Estefania Chavero Moreno, m\u00e9decin, neurologue, psychiatre et psychoth\u00e9rapeute \u00e0 Sierre.<\/p>\n\n\n\n<p class=\"wp-block-paragraph\" style=\"margin-top:30px\"><\/p>\n\n\n\n<p class=\"wp-block-paragraph\" style=\"margin-top:30px\"><\/p>\n<\/div>\n<\/div>\n\n\n\n<div class=\"wp-block-column is-layout-flow wp-block-column-is-layout-flow\" style=\"padding-right:10px;padding-left:10px;flex-basis:40%\"><\/div>\n<\/div>\n<\/div>\n<\/div><\/div>\n\n\n\n<div class=\"wp-block-group alignfull has-global-padding is-layout-constrained wp-container-core-group-is-layout-ea3814cb wp-block-group-is-layout-constrained\" style=\"margin-top:0px;margin-bottom:0px;padding-top:0px;padding-bottom:0px\"><\/div>\n\n\n\n<div class=\"wp-block-cover alignfull is-light\"><span aria-hidden=\"true\" class=\"wp-block-cover__background has-background-dim-100 has-background-dim\" style=\"background-color:#f3f3f3\"><\/span><div class=\"wp-block-cover__inner-container has-global-padding is-layout-constrained wp-block-cover-is-layout-constrained\">\n<div class=\"wp-block-group alignfull has-global-padding is-layout-constrained wp-container-core-group-is-layout-8d189c29 wp-block-group-is-layout-constrained\" style=\"padding-top:80px;padding-bottom:80px\">\n<div class=\"wp-block-columns alignwide is-layout-flex wp-container-core-columns-is-layout-f56f613f wp-block-columns-is-layout-flex\">\n<div class=\"wp-block-column is-layout-flow wp-block-column-is-layout-flow\" style=\"padding-right:10px;padding-left:10px;flex-basis:50%\"><\/div>\n<\/div>\n<\/div>\n<\/div><\/div>\n","protected":false},"excerpt":{"rendered":"","protected":false},"author":1,"featured_media":0,"parent":0,"menu_order":0,"comment_status":"closed","ping_status":"closed","template":"","meta":{"footnotes":""},"class_list":["post-17","page","type-page","status-publish","hentry"],"_links":{"self":[{"href":"https:\/\/espaceintegra.ch\/index.php?rest_route=\/wp\/v2\/pages\/17","targetHints":{"allow":["GET"]}}],"collection":[{"href":"https:\/\/espaceintegra.ch\/index.php?rest_route=\/wp\/v2\/pages"}],"about":[{"href":"https:\/\/espaceintegra.ch\/index.php?rest_route=\/wp\/v2\/types\/page"}],"author":[{"embeddable":true,"href":"https:\/\/espaceintegra.ch\/index.php?rest_route=\/wp\/v2\/users\/1"}],"replies":[{"embeddable":true,"href":"https:\/\/espaceintegra.ch\/index.php?rest_route=%2Fwp%2Fv2%2Fcomments&post=17"}],"version-history":[{"count":12,"href":"https:\/\/espaceintegra.ch\/index.php?rest_route=\/wp\/v2\/pages\/17\/revisions"}],"predecessor-version":[{"id":187,"href":"https:\/\/espaceintegra.ch\/index.php?rest_route=\/wp\/v2\/pages\/17\/revisions\/187"}],"wp:attachment":[{"href":"https:\/\/espaceintegra.ch\/index.php?rest_route=%2Fwp%2Fv2%2Fmedia&parent=17"}],"curies":[{"name":"wp","href":"https:\/\/api.w.org\/{rel}","templated":true}]}}